{"id":1604,"date":"2022-04-03T18:06:49","date_gmt":"2022-04-03T16:06:49","guid":{"rendered":"https:\/\/lapensiondumarechal.fr\/?page_id=1604"},"modified":"2022-04-25T12:22:06","modified_gmt":"2022-04-25T10:22:06","slug":"chambre-philea","status":"publish","type":"page","link":"https:\/\/lapensiondumarechal.fr\/index.php\/chambre-philea\/","title":{"rendered":"Chambre PHILEA"},"content":{"rendered":"<section id=\"bt_bb_section69f0fb2b90ca4\" class=\"bt_bb_section bt_bb_layout_boxed_1200 bt_bb_vertical_align_middle bt_bb_top_spacing_small bt_bb_bottom_spacing_large\" style=\"height:600px\" data-bt-override-class=\"{&quot;bt_bb_top_spacing_&quot;:{&quot;current_class&quot;:&quot;bt_bb_top_spacing_small&quot;,&quot;xxl&quot;:&quot;small&quot;,&quot;xl&quot;:&quot;small&quot;},&quot;bt_bb_bottom_spacing_&quot;:{&quot;current_class&quot;:&quot;bt_bb_bottom_spacing_large&quot;,&quot;xxl&quot;:&quot;large&quot;,&quot;xl&quot;:&quot;large&quot;}}\"><div class=\"bt_bb_port\"><div class=\"bt_bb_cell\"><div class=\"bt_bb_cell_inner\"><div class=\"bt_bb_row_wrapper\"><div  class=\"bt_bb_row\"  data-bt-override-class=\"{}\"><div  class=\"bt_bb_column col-xxl-12 col-xl-12 col-xs-12 col-sm-12 col-md-12 col-lg-12 bt_bb_vertical_align_middle bt_bb_align_center btLazyLoadBackground bt_bb_column_background_image bt_bb_padding_none\" style=\"background-image:url(&#039;https:\/\/lapensiondumarechal.fr\/wp-content\/plugins\/bold-page-builder\/img\/blank.gif&#039;);\" data-background_image_src='https:\/\/lapensiondumarechal.fr\/wp-content\/uploads\/2022\/04\/lapensiondumarechal06022022-IMG_7444-scaled.jpg' data-width=\"12\" data-bt-override-class=\"{&quot;bt_bb_align_&quot;:{&quot;current_class&quot;:&quot;bt_bb_align_center&quot;,&quot;xxl&quot;:&quot;center&quot;,&quot;xl&quot;:&quot;center&quot;},&quot;bt_bb_padding_&quot;:{&quot;current_class&quot;:&quot;bt_bb_padding_none&quot;,&quot;xxl&quot;:&quot;none&quot;,&quot;xl&quot;:&quot;none&quot;}}\"><div class=\"bt_bb_column_content\"><div class=\"bt_bb_column_content_inner\"><div class=\"bt_bb_separator bt_bb_border_style_none bt_bb_top_spacing_large bt_bb_bottom_spacing_medium\" data-bt-override-class=\"{&quot;bt_bb_top_spacing_&quot;:{&quot;current_class&quot;:&quot;bt_bb_top_spacing_large&quot;,&quot;xxl&quot;:&quot;large&quot;,&quot;xl&quot;:&quot;large&quot;},&quot;bt_bb_bottom_spacing_&quot;:{&quot;current_class&quot;:&quot;bt_bb_bottom_spacing_medium&quot;,&quot;xxl&quot;:&quot;medium&quot;,&quot;xl&quot;:&quot;medium&quot;}}\"><\/div><div  class=\"bt_bb_text\" ><h3 style=\"text-align: center;\"><span style=\"color: #ffffff;\"><strong>CHAMBRE PHILEA<\/strong><\/span><\/h3>\n<\/div><div  class=\"bt_bb_text\" ><h5 style=\"text-align: center;\"><span style=\"color: #ffffff;\">1er \u00e9tage droite<\/span><\/h5>\n<\/div><div class=\"bt_bb_separator bt_bb_border_style_none bt_bb_top_spacing_medium bt_bb_bottom_spacing_large\" data-bt-override-class=\"{&quot;bt_bb_top_spacing_&quot;:{&quot;current_class&quot;:&quot;bt_bb_top_spacing_medium&quot;,&quot;xxl&quot;:&quot;medium&quot;,&quot;xl&quot;:&quot;medium&quot;},&quot;bt_bb_bottom_spacing_&quot;:{&quot;current_class&quot;:&quot;bt_bb_bottom_spacing_large&quot;,&quot;xxl&quot;:&quot;large&quot;,&quot;xl&quot;:&quot;large&quot;}}\"><\/div><\/div><\/div><\/div><\/div><\/div><\/div><!-- cell_inner --><\/div><!-- cell --><\/div><!-- port --><\/section><section id=\"bt_bb_section69f0fb2b91414\" class=\"bt_bb_section bt_bb_layout_boxed_1000 bt_bb_vertical_align_top bt_bb_top_spacing_normal bt_bb_bottom_spacing_normal\"  data-bt-override-class=\"{&quot;bt_bb_top_spacing_&quot;:{&quot;current_class&quot;:&quot;bt_bb_top_spacing_normal&quot;,&quot;xxl&quot;:&quot;normal&quot;,&quot;xl&quot;:&quot;normal&quot;},&quot;bt_bb_bottom_spacing_&quot;:{&quot;current_class&quot;:&quot;bt_bb_bottom_spacing_normal&quot;,&quot;xxl&quot;:&quot;normal&quot;,&quot;xl&quot;:&quot;normal&quot;}}\"><div class=\"bt_bb_port\"><div class=\"bt_bb_cell\"><div class=\"bt_bb_cell_inner\"><div class=\"bt_bb_row_wrapper\"><div  class=\"bt_bb_row\"  data-bt-override-class=\"{}\"><div  class=\"bt_bb_column col-xxl-12 col-xl-12 col-xs-12 col-sm-12 col-md-12 col-lg-12 bt_bb_vertical_align_middle bt_bb_align_center bt_bb_padding_none\"  data-width=\"12\" data-bt-override-class=\"{&quot;bt_bb_align_&quot;:{&quot;current_class&quot;:&quot;bt_bb_align_center&quot;,&quot;xxl&quot;:&quot;center&quot;,&quot;xl&quot;:&quot;center&quot;},&quot;bt_bb_padding_&quot;:{&quot;current_class&quot;:&quot;bt_bb_padding_none&quot;,&quot;xxl&quot;:&quot;none&quot;,&quot;xl&quot;:&quot;none&quot;}}\"><div class=\"bt_bb_column_content\"><div class=\"bt_bb_column_content_inner\"><div class=\"bt_bb_raw_content\"><style>\nhr{ \n  \n    border:         none;\n    border-left:    2px solid #B2B2B2;\n    height:         8vh;\n    width:          1px;       \n}<\/style>\n<hr><\/div><div  class=\"bt_bb_text\" style=\"font-size:22px;\"><p style=\"text-align: center;\"><em><span style=\"color: #b2b2b2;\"><strong>La chambre Phil\u00e9a<br \/>\nA partir de 80 euros pour une nuit, <a href=\"https:\/\/lapensiondumarechal.fr\/index.php\/contact\/\">contactez-nous<\/a><br \/>\n<\/strong><\/span><\/em><\/p>\n<\/div><div class=\"bt_bb_separator bt_bb_border_style_none bt_bb_top_spacing_extra_small bt_bb_bottom_spacing_medium\" data-bt-override-class=\"{&quot;bt_bb_top_spacing_&quot;:{&quot;current_class&quot;:&quot;bt_bb_top_spacing_extra_small&quot;,&quot;xxl&quot;:&quot;extra_small&quot;,&quot;xl&quot;:&quot;extra_small&quot;},&quot;bt_bb_bottom_spacing_&quot;:{&quot;current_class&quot;:&quot;bt_bb_bottom_spacing_medium&quot;,&quot;xxl&quot;:&quot;medium&quot;,&quot;xl&quot;:&quot;medium&quot;}}\"><\/div><\/div><\/div><\/div><\/div><\/div><div class=\"bt_bb_row_wrapper\"><div  class=\"bt_bb_row\"  data-bt-override-class=\"{}\"><div  class=\"bt_bb_column col-xxl-12 col-xl-12 col-xs-12 col-sm-12 col-md-12 col-lg-12 bt_bb_vertical_align_top bt_bb_align_left bt_bb_padding_normal\"  data-width=\"12\" data-bt-override-class=\"{}\"><div class=\"bt_bb_column_content\"><div class=\"bt_bb_column_content_inner\"><div  class=\"bt_bb_text\" style=\"font-size:22px;\"><p style=\"text-align: center; font-size: 19px;\"><span style=\"color: #707070;\"><strong>Dans une ambiance vert California, un vert p\u00e2le plein de fra\u00eecheur, notre chambre Phil\u00e9a lumineuse et spacieuse de 27 m2 r\u00e9unit tous les atouts pour vous offrir un s\u00e9jour confortable et chaleureux.<br \/>\n<\/strong><\/span><br \/>\n<span style=\"color: #707070;\"><strong>Moulures, parquet en ch\u00eane, grands placards muraux, tout le charme de l\u2019ancien a \u00e9t\u00e9 pr\u00e9serv\u00e9.<\/strong><\/span><br \/>\n<span style=\"color: #707070;\"><strong>L\u2019espace chambre est plac\u00e9 dans une alc\u00f4ve, votre petit coin d\u2019intimit\u00e9.<\/strong><\/span><\/p>\n<p style=\"text-align: center; font-size: 19px;\"><span style=\"color: #707070;\"><strong>Bouquiner autour d\u2019une tasse de th\u00e9, se d\u00e9tendre apr\u00e8s une journ\u00e9e de d\u00e9couverte, partager les souvenirs que vous venez de cr\u00e9er, installez-vous confortablement au salon, fauteuil et banquette install\u00e9s autour de la chemin\u00e9e en marbre vous attendent.<\/strong><\/span><\/p>\n<p style=\"text-align: center; font-size: 19px;\"><span style=\"color: #707070;\"><strong>Toilette et salle d\u2019eau sont cach\u00e9s derri\u00e8re une porte invisible au premier coup d\u2019oeil, \u00e9tonnant \u2026 saurez-vous la trouver ?<\/strong><\/span><br \/>\n<span style=\"color: #707070;\"><strong>Draps et serviettes sont fournis, les lits sont pr\u00e9par\u00e9s pour votre arriv\u00e9e.<\/strong><\/span><\/p>\n<\/div><\/div><\/div><\/div><\/div><\/div><\/div><!-- cell_inner --><\/div><!-- cell --><\/div><!-- port --><\/section><section id=\"bt_bb_section69f0fb2b916ab\" class=\"bt_bb_section bt_bb_layout_boxed_1200\"  data-bt-override-class=\"null\"><div class=\"bt_bb_port\"><div class=\"bt_bb_cell\"><div class=\"bt_bb_cell_inner\"><div class=\"bt_bb_row_wrapper\"><div  class=\"bt_bb_row\"  data-bt-override-class=\"{}\"><div  class=\"bt_bb_column col-xxl-12 col-xl-12 col-xs-12 col-sm-12 col-md-12 col-lg-12 bt_bb_vertical_align_top bt_bb_align_left bt_bb_padding_normal\"  data-width=\"12\" data-bt-override-class=\"{}\"><div class=\"bt_bb_column_content\"><div class=\"bt_bb_column_content_inner\"><div  class=\"bt_bb_text\" ><style>#jtg-1605 .modula-item .jtg-social a, .lightbox-socials.jtg-social a{ color: #ffffff }#jtg-1605 .modula-item .jtg-social svg, .lightbox-socials.jtg-social svg { height: 16px; width: 16px }#jtg-1605 .modula-item .jtg-social a:not(:last-child), .lightbox-socials.jtg-social a:not(:last-child) { margin-right: 10px }#jtg-1605 .modula-item .figc {color:#ffffff;}#jtg-1605 .modula-item .modula-item-content { transform: scale(1) }#jtg-1605 { width:100%;}#jtg-1605 .modula-items{height:800px;}@media screen and (max-width: 992px) {#jtg-1605 .modula-items{height:800px;}}@media screen and (max-width: 768px) {#jtg-1605 .modula-items{height:800px;}}#jtg-1605 .modula-items .figc p.description { font-size:14px; }#jtg-1605 .modula-items .figc p.description { color:#ffffff;}#jtg-1605.modula-gallery .modula-item > a, #jtg-1605.modula-gallery .modula-item, #jtg-1605.modula-gallery .modula-item-content > a:not(.modula-no-follow) { cursor:zoom-in; } #jtg-1605.modula-gallery .modula-item-content .modula-no-follow { cursor: default; } @media screen and (max-width:480px){#jtg-1605 .modula-item .figc .jtg-title {  font-size: 12px; }#jtg-1605 .modula-items .figc p.description { color:#ffffff;font-size:10px; }}<\/style>\n<!-- Gallery Container -->\n<div  id=\"jtg-1605\" class=\"modula modula-gallery modula-creative-gallery\" data-config=\"{&quot;height&quot;:800,&quot;tabletHeight&quot;:800,&quot;mobileHeight&quot;:800,&quot;desktopHeight&quot;:800,&quot;enableTwitter&quot;:false,&quot;enableWhatsapp&quot;:false,&quot;enableFacebook&quot;:false,&quot;enablePinterest&quot;:false,&quot;enableLinkedin&quot;:false,&quot;enableEmail&quot;:false,&quot;randomFactor&quot;:0.5,&quot;type&quot;:&quot;creative-gallery&quot;,&quot;columns&quot;:12,&quot;gutter&quot;:10,&quot;mobileGutter&quot;:10,&quot;tabletGutter&quot;:10,&quot;desktopGutter&quot;:10,&quot;enableResponsive&quot;:&quot;0&quot;,&quot;tabletColumns&quot;:&quot;2&quot;,&quot;mobileColumns&quot;:&quot;1&quot;,&quot;lazyLoad&quot;:&quot;1&quot;,&quot;lightboxOpts&quot;:{&quot;loop&quot;:false,&quot;arrows&quot;:true,&quot;toolbar&quot;:true,&quot;keyboard&quot;:false,&quot;wheel&quot;:false,&quot;buttons&quot;:[&quot;close&quot;],&quot;hash&quot;:false,&quot;lang&quot;:&quot;en&quot;,&quot;touch&quot;:false,&quot;protect&quot;:false,&quot;i18n&quot;:{&quot;en&quot;:{&quot;CLOSE&quot;:&quot;Close&quot;,&quot;NEXT&quot;:&quot;Next&quot;,&quot;PREV&quot;:&quot;Previous&quot;,&quot;Error&quot;:&quot;The requested content cannot be loaded. Please try again later.&quot;,&quot;PLAY_START&quot;:&quot;Start slideshow&quot;,&quot;PLAY_STOP&quot;:&quot;Pause slideshow&quot;,&quot;FULL_SCREEN&quot;:&quot;Full screen&quot;,&quot;THUMBS&quot;:&quot;Thumbnails&quot;,&quot;DOWNLOAD&quot;:&quot;Download&quot;,&quot;SHARE&quot;:&quot;Share&quot;,&quot;ZOOM&quot;:&quot;Zoom&quot;}},&quot;clickSlide&quot;:false,&quot;clickOutside&quot;:false,&quot;dblclickContent&quot;:false,&quot;dblclickSlide&quot;:false,&quot;dblclickOutside&quot;:false,&quot;clickContent&quot;:false,&quot;baseTpl&quot;:&quot;&lt;div class=\\&quot;modula-fancybox-container modula-lightbox-jtg-1605\\&quot; role=\\&quot;dialog\\&quot; tabindex=\\&quot;-1\\&quot;&gt;&lt;div class=\\&quot;modula-fancybox-bg\\&quot;&gt;&lt;\\\/div&gt;&lt;div class=\\&quot;modula-fancybox-inner\\&quot;&gt;&lt;div class=\\&quot;modula-fancybox-infobar\\&quot;&gt;&lt;span data-fancybox-index&gt;&lt;\\\/span&gt;&nbsp;\\\/&nbsp;&lt;span data-fancybox-count&gt;&lt;\\\/span&gt;&lt;\\\/div&gt;&lt;div class=\\&quot;modula-fancybox-toolbar\\&quot;&gt;{{buttons}}&lt;\\\/div&gt;&lt;div class=\\&quot;modula-fancybox-navigation\\&quot;&gt;{{arrows}}&lt;\\\/div&gt;&lt;div class=\\&quot;modula-fancybox-stage\\&quot;&gt;&lt;\\\/div&gt;&lt;div class=\\&quot;modula-fancybox-caption\\&quot;&gt;&lt;div class=\\&quot;modula-fancybox-caption__body\\&quot;&gt;&lt;\\\/div&gt;&lt;\\\/div&gt;&lt;\\\/div&gt;&lt;\\\/div&gt;&quot;},&quot;inView&quot;:false,&quot;email_subject&quot;:&quot;Check out this awesome image !!&quot;,&quot;email_message&quot;:&quot;Here is the link to the image : %%image_link%% and this is the link to the gallery : %%gallery_link%%&quot;,&quot;lightbox&quot;:&quot;fancybox&quot;}\">\n\n\t\n\t<!-- Items Container -->\n\t<div  class=\"modula-items\">\n\t\t<div class=\"modula-item effect-pufrobo\" >\n\t<div class=\"modula-item-overlay\"><\/div>\n\n\t<div class=\"modula-item-content\">\n\n\t\t\t\t\n\t\t\t\t\t<a data-image-id=\"1613\" rel=\"jtg-1605\" data-caption=\"\" aria-label=\"Open image in lightbox\" class=\"tile-inner modula-item-link\"><\/a>\n\t\t\n\t\t<img class=\"pic wp-image-1613 lazyload\"  data-valign=\"middle\" data-halign=\"center\" alt=\"\" data-full=\"https:\/\/lapensiondumarechal.fr\/wp-content\/uploads\/2022\/04\/lapensiondumarechal07022022-IMG_7507-scaled.jpg\" title=\"lapensiondumarechal07022022-IMG_7507\" width=\"640\" height=\"427\" data-src=\"https:\/\/lapensiondumarechal.fr\/wp-content\/uploads\/2022\/04\/lapensiondumarechal07022022-IMG_7507-640x427.jpg\" data-caption=\"\" data-source=\"modula\" data-srcset=\"https:\/\/lapensiondumarechal.fr\/wp-content\/uploads\/2022\/04\/lapensiondumarechal07022022-IMG_7507-scaled-640x427.jpg 640w, https:\/\/lapensiondumarechal.fr\/wp-content\/uploads\/2022\/04\/lapensiondumarechal07022022-IMG_7507-1280x853.jpg 1280w, https:\/\/lapensiondumarechal.fr\/wp-content\/uploads\/2022\/04\/lapensiondumarechal07022022-IMG_7507-768x512.jpg 768w, https:\/\/lapensiondumarechal.fr\/wp-content\/uploads\/2022\/04\/lapensiondumarechal07022022-IMG_7507-1536x1024.jpg 1536w, https:\/\/lapensiondumarechal.fr\/wp-content\/uploads\/2022\/04\/lapensiondumarechal07022022-IMG_7507-2048x1365.jpg 2048w, https:\/\/lapensiondumarechal.fr\/wp-content\/uploads\/2022\/04\/lapensiondumarechal07022022-IMG_7507-320x213.jpg 320w\" data-sizes=\"(max-width: 640px) 100vw, 640px\" \/>\n\t\t<div class=\"figc no-description\">\n\t\t\t<div class=\"figc-inner\">\n\t\t\t\t\t\t\t\t\t\t\t\t\t\t\t<\/div>\n\t\t<\/div>\n\n\t<\/div>\n\n<\/div><div class=\"modula-item effect-pufrobo\" >\n\t<div class=\"modula-item-overlay\"><\/div>\n\n\t<div class=\"modula-item-content\">\n\n\t\t\t\t\n\t\t\t\t\t<a data-image-id=\"1616\" rel=\"jtg-1605\" data-caption=\"\" aria-label=\"Open image in lightbox\" class=\"tile-inner modula-item-link\"><\/a>\n\t\t\n\t\t<img class=\"pic wp-image-1616 lazyload\"  data-valign=\"middle\" data-halign=\"center\" alt=\"\" data-full=\"https:\/\/lapensiondumarechal.fr\/wp-content\/uploads\/2022\/04\/lapensiondumarechal07022022-IMG_7513-scaled.jpg\" title=\"lapensiondumarechal07022022-IMG_7513\" width=\"640\" height=\"427\" data-src=\"https:\/\/lapensiondumarechal.fr\/wp-content\/uploads\/2022\/04\/lapensiondumarechal07022022-IMG_7513-640x427.jpg\" data-caption=\"\" data-source=\"modula\" data-srcset=\"https:\/\/lapensiondumarechal.fr\/wp-content\/uploads\/2022\/04\/lapensiondumarechal07022022-IMG_7513-scaled-640x427.jpg 640w, https:\/\/lapensiondumarechal.fr\/wp-content\/uploads\/2022\/04\/lapensiondumarechal07022022-IMG_7513-1280x853.jpg 1280w, https:\/\/lapensiondumarechal.fr\/wp-content\/uploads\/2022\/04\/lapensiondumarechal07022022-IMG_7513-768x512.jpg 768w, https:\/\/lapensiondumarechal.fr\/wp-content\/uploads\/2022\/04\/lapensiondumarechal07022022-IMG_7513-1536x1024.jpg 1536w, https:\/\/lapensiondumarechal.fr\/wp-content\/uploads\/2022\/04\/lapensiondumarechal07022022-IMG_7513-2048x1365.jpg 2048w, https:\/\/lapensiondumarechal.fr\/wp-content\/uploads\/2022\/04\/lapensiondumarechal07022022-IMG_7513-320x213.jpg 320w\" data-sizes=\"(max-width: 640px) 100vw, 640px\" \/>\n\t\t<div class=\"figc no-description\">\n\t\t\t<div class=\"figc-inner\">\n\t\t\t\t\t\t\t\t\t\t\t\t\t\t\t<\/div>\n\t\t<\/div>\n\n\t<\/div>\n\n<\/div><div class=\"modula-item effect-pufrobo\" >\n\t<div class=\"modula-item-overlay\"><\/div>\n\n\t<div class=\"modula-item-content\">\n\n\t\t\t\t\n\t\t\t\t\t<a data-image-id=\"1622\" rel=\"jtg-1605\" data-caption=\"\" aria-label=\"Open image in lightbox\" class=\"tile-inner modula-item-link\"><\/a>\n\t\t\n\t\t<img class=\"pic wp-image-1622 lazyload\"  data-valign=\"middle\" data-halign=\"center\" alt=\"\" data-full=\"https:\/\/lapensiondumarechal.fr\/wp-content\/uploads\/2022\/04\/lapensiondumarechal-IMG_7009-scaled.jpg\" title=\"lapensiondumarechal-IMG_7009\" width=\"640\" height=\"427\" data-src=\"https:\/\/lapensiondumarechal.fr\/wp-content\/uploads\/2022\/04\/lapensiondumarechal-IMG_7009-640x427.jpg\" data-caption=\"\" data-source=\"modula\" data-srcset=\"https:\/\/lapensiondumarechal.fr\/wp-content\/uploads\/2022\/04\/lapensiondumarechal-IMG_7009-scaled-640x427.jpg 640w, https:\/\/lapensiondumarechal.fr\/wp-content\/uploads\/2022\/04\/lapensiondumarechal-IMG_7009-1280x853.jpg 1280w, https:\/\/lapensiondumarechal.fr\/wp-content\/uploads\/2022\/04\/lapensiondumarechal-IMG_7009-768x512.jpg 768w, https:\/\/lapensiondumarechal.fr\/wp-content\/uploads\/2022\/04\/lapensiondumarechal-IMG_7009-1536x1024.jpg 1536w, https:\/\/lapensiondumarechal.fr\/wp-content\/uploads\/2022\/04\/lapensiondumarechal-IMG_7009-2048x1366.jpg 2048w, https:\/\/lapensiondumarechal.fr\/wp-content\/uploads\/2022\/04\/lapensiondumarechal-IMG_7009-320x213.jpg 320w\" data-sizes=\"(max-width: 640px) 100vw, 640px\" \/>\n\t\t<div class=\"figc no-description\">\n\t\t\t<div class=\"figc-inner\">\n\t\t\t\t\t\t\t\t\t\t\t\t\t\t\t<\/div>\n\t\t<\/div>\n\n\t<\/div>\n\n<\/div><div class=\"modula-item effect-pufrobo\" >\n\t<div class=\"modula-item-overlay\"><\/div>\n\n\t<div class=\"modula-item-content\">\n\n\t\t\t\t\n\t\t\t\t\t<a data-image-id=\"1609\" rel=\"jtg-1605\" data-caption=\"\" aria-label=\"Open image in lightbox\" class=\"tile-inner modula-item-link\"><\/a>\n\t\t\n\t\t<img class=\"pic wp-image-1609 lazyload\"  data-valign=\"middle\" data-halign=\"center\" alt=\"\" data-full=\"https:\/\/lapensiondumarechal.fr\/wp-content\/uploads\/2022\/04\/lapensiondumarechal06022022-IMG_7463-scaled.jpg\" title=\"lapensiondumarechal06022022-IMG_7463\" width=\"640\" height=\"427\" data-src=\"https:\/\/lapensiondumarechal.fr\/wp-content\/uploads\/2022\/04\/lapensiondumarechal06022022-IMG_7463-640x427.jpg\" data-caption=\"\" data-source=\"modula\" data-srcset=\"https:\/\/lapensiondumarechal.fr\/wp-content\/uploads\/2022\/04\/lapensiondumarechal06022022-IMG_7463-scaled-640x427.jpg 640w, https:\/\/lapensiondumarechal.fr\/wp-content\/uploads\/2022\/04\/lapensiondumarechal06022022-IMG_7463-1280x853.jpg 1280w, https:\/\/lapensiondumarechal.fr\/wp-content\/uploads\/2022\/04\/lapensiondumarechal06022022-IMG_7463-768x512.jpg 768w, https:\/\/lapensiondumarechal.fr\/wp-content\/uploads\/2022\/04\/lapensiondumarechal06022022-IMG_7463-1536x1024.jpg 1536w, https:\/\/lapensiondumarechal.fr\/wp-content\/uploads\/2022\/04\/lapensiondumarechal06022022-IMG_7463-2048x1365.jpg 2048w, https:\/\/lapensiondumarechal.fr\/wp-content\/uploads\/2022\/04\/lapensiondumarechal06022022-IMG_7463-320x213.jpg 320w\" data-sizes=\"(max-width: 640px) 100vw, 640px\" \/>\n\t\t<div class=\"figc no-description\">\n\t\t\t<div class=\"figc-inner\">\n\t\t\t\t\t\t\t\t\t\t\t\t\t\t\t<\/div>\n\t\t<\/div>\n\n\t<\/div>\n\n<\/div><div class=\"modula-item effect-pufrobo\" >\n\t<div class=\"modula-item-overlay\"><\/div>\n\n\t<div class=\"modula-item-content\">\n\n\t\t\t\t\n\t\t\t\t\t<a data-image-id=\"1617\" rel=\"jtg-1605\" data-caption=\"\" aria-label=\"Open image in lightbox\" class=\"tile-inner modula-item-link\"><\/a>\n\t\t\n\t\t<img class=\"pic wp-image-1617 lazyload\"  data-valign=\"middle\" data-halign=\"center\" alt=\"\" data-full=\"https:\/\/lapensiondumarechal.fr\/wp-content\/uploads\/2022\/04\/Lapensiondumarechal-human21022022-IMG_7595-scaled.jpg\" title=\"Lapensiondumarechal-human21022022-IMG_7595\" width=\"640\" height=\"427\" data-src=\"https:\/\/lapensiondumarechal.fr\/wp-content\/uploads\/2022\/04\/Lapensiondumarechal-human21022022-IMG_7595-640x427.jpg\" data-caption=\"\" data-source=\"modula\" data-srcset=\"https:\/\/lapensiondumarechal.fr\/wp-content\/uploads\/2022\/04\/Lapensiondumarechal-human21022022-IMG_7595-scaled-640x427.jpg 640w, https:\/\/lapensiondumarechal.fr\/wp-content\/uploads\/2022\/04\/Lapensiondumarechal-human21022022-IMG_7595-1280x853.jpg 1280w, https:\/\/lapensiondumarechal.fr\/wp-content\/uploads\/2022\/04\/Lapensiondumarechal-human21022022-IMG_7595-768x512.jpg 768w, https:\/\/lapensiondumarechal.fr\/wp-content\/uploads\/2022\/04\/Lapensiondumarechal-human21022022-IMG_7595-1536x1024.jpg 1536w, https:\/\/lapensiondumarechal.fr\/wp-content\/uploads\/2022\/04\/Lapensiondumarechal-human21022022-IMG_7595-2048x1365.jpg 2048w, https:\/\/lapensiondumarechal.fr\/wp-content\/uploads\/2022\/04\/Lapensiondumarechal-human21022022-IMG_7595-320x213.jpg 320w\" data-sizes=\"(max-width: 640px) 100vw, 640px\" \/>\n\t\t<div class=\"figc no-description\">\n\t\t\t<div class=\"figc-inner\">\n\t\t\t\t\t\t\t\t\t\t\t\t\t\t\t<\/div>\n\t\t<\/div>\n\n\t<\/div>\n\n<\/div><div class=\"modula-item effect-pufrobo\" >\n\t<div class=\"modula-item-overlay\"><\/div>\n\n\t<div class=\"modula-item-content\">\n\n\t\t\t\t\n\t\t\t\t\t<a data-image-id=\"1614\" rel=\"jtg-1605\" data-caption=\"\" aria-label=\"Open image in lightbox\" class=\"tile-inner modula-item-link\"><\/a>\n\t\t\n\t\t<img class=\"pic wp-image-1614 lazyload\"  data-valign=\"middle\" data-halign=\"center\" alt=\"\" data-full=\"https:\/\/lapensiondumarechal.fr\/wp-content\/uploads\/2022\/04\/lapensiondumarechal07022022-IMG_7508-scaled.jpg\" title=\"lapensiondumarechal07022022-IMG_7508\" width=\"640\" height=\"960\" data-src=\"https:\/\/lapensiondumarechal.fr\/wp-content\/uploads\/2022\/04\/lapensiondumarechal07022022-IMG_7508-640x960.jpg\" data-caption=\"\" data-source=\"modula\" data-srcset=\"https:\/\/lapensiondumarechal.fr\/wp-content\/uploads\/2022\/04\/lapensiondumarechal07022022-IMG_7508-scaled-640x960.jpg 640w, https:\/\/lapensiondumarechal.fr\/wp-content\/uploads\/2022\/04\/lapensiondumarechal07022022-IMG_7508-1280x1920.jpg 1280w, https:\/\/lapensiondumarechal.fr\/wp-content\/uploads\/2022\/04\/lapensiondumarechal07022022-IMG_7508-768x1152.jpg 768w, https:\/\/lapensiondumarechal.fr\/wp-content\/uploads\/2022\/04\/lapensiondumarechal07022022-IMG_7508-1024x1536.jpg 1024w, https:\/\/lapensiondumarechal.fr\/wp-content\/uploads\/2022\/04\/lapensiondumarechal07022022-IMG_7508-1365x2048.jpg 1365w, https:\/\/lapensiondumarechal.fr\/wp-content\/uploads\/2022\/04\/lapensiondumarechal07022022-IMG_7508-320x480.jpg 320w, https:\/\/lapensiondumarechal.fr\/wp-content\/uploads\/2022\/04\/lapensiondumarechal07022022-IMG_7508-scaled.jpg 1707w\" data-sizes=\"(max-width: 640px) 100vw, 640px\" \/>\n\t\t<div class=\"figc no-description\">\n\t\t\t<div class=\"figc-inner\">\n\t\t\t\t\t\t\t\t\t\t\t\t\t\t\t<\/div>\n\t\t<\/div>\n\n\t<\/div>\n\n<\/div><div class=\"modula-item effect-pufrobo\" >\n\t<div class=\"modula-item-overlay\"><\/div>\n\n\t<div class=\"modula-item-content\">\n\n\t\t\t\t\n\t\t\t\t\t<a data-image-id=\"1619\" rel=\"jtg-1605\" data-caption=\"\" aria-label=\"Open image in lightbox\" class=\"tile-inner modula-item-link\"><\/a>\n\t\t\n\t\t<img class=\"pic wp-image-1619 lazyload\"  data-valign=\"middle\" data-halign=\"center\" alt=\"\" data-full=\"https:\/\/lapensiondumarechal.fr\/wp-content\/uploads\/2022\/04\/Lapensiondumarechal-human21022022-IMG_7711-scaled.jpg\" title=\"Lapensiondumarechal-human21022022-IMG_7711\" width=\"640\" height=\"427\" data-src=\"https:\/\/lapensiondumarechal.fr\/wp-content\/uploads\/2022\/04\/Lapensiondumarechal-human21022022-IMG_7711-640x427.jpg\" data-caption=\"\" data-source=\"modula\" data-srcset=\"https:\/\/lapensiondumarechal.fr\/wp-content\/uploads\/2022\/04\/Lapensiondumarechal-human21022022-IMG_7711-scaled-640x427.jpg 640w, https:\/\/lapensiondumarechal.fr\/wp-content\/uploads\/2022\/04\/Lapensiondumarechal-human21022022-IMG_7711-1280x853.jpg 1280w, https:\/\/lapensiondumarechal.fr\/wp-content\/uploads\/2022\/04\/Lapensiondumarechal-human21022022-IMG_7711-768x512.jpg 768w, https:\/\/lapensiondumarechal.fr\/wp-content\/uploads\/2022\/04\/Lapensiondumarechal-human21022022-IMG_7711-1536x1024.jpg 1536w, https:\/\/lapensiondumarechal.fr\/wp-content\/uploads\/2022\/04\/Lapensiondumarechal-human21022022-IMG_7711-2048x1365.jpg 2048w, https:\/\/lapensiondumarechal.fr\/wp-content\/uploads\/2022\/04\/Lapensiondumarechal-human21022022-IMG_7711-320x213.jpg 320w\" data-sizes=\"(max-width: 640px) 100vw, 640px\" \/>\n\t\t<div class=\"figc no-description\">\n\t\t\t<div class=\"figc-inner\">\n\t\t\t\t\t\t\t\t\t\t\t\t\t\t\t<\/div>\n\t\t<\/div>\n\n\t<\/div>\n\n<\/div><div class=\"modula-item effect-pufrobo\" >\n\t<div class=\"modula-item-overlay\"><\/div>\n\n\t<div class=\"modula-item-content\">\n\n\t\t\t\t\n\t\t\t\t\t<a data-image-id=\"1621\" rel=\"jtg-1605\" data-caption=\"\" aria-label=\"Open image in lightbox\" class=\"tile-inner modula-item-link\"><\/a>\n\t\t\n\t\t<img class=\"pic wp-image-1621 lazyload\"  data-valign=\"middle\" data-halign=\"center\" alt=\"\" data-full=\"https:\/\/lapensiondumarechal.fr\/wp-content\/uploads\/2022\/04\/lapensiondumarechal-IMG_7002-scaled.jpg\" title=\"lapensiondumarechal-IMG_7002\" width=\"640\" height=\"427\" data-src=\"https:\/\/lapensiondumarechal.fr\/wp-content\/uploads\/2022\/04\/lapensiondumarechal-IMG_7002-640x427.jpg\" data-caption=\"\" data-source=\"modula\" data-srcset=\"https:\/\/lapensiondumarechal.fr\/wp-content\/uploads\/2022\/04\/lapensiondumarechal-IMG_7002-scaled-640x427.jpg 640w, https:\/\/lapensiondumarechal.fr\/wp-content\/uploads\/2022\/04\/lapensiondumarechal-IMG_7002-1280x853.jpg 1280w, https:\/\/lapensiondumarechal.fr\/wp-content\/uploads\/2022\/04\/lapensiondumarechal-IMG_7002-768x512.jpg 768w, https:\/\/lapensiondumarechal.fr\/wp-content\/uploads\/2022\/04\/lapensiondumarechal-IMG_7002-1536x1024.jpg 1536w, https:\/\/lapensiondumarechal.fr\/wp-content\/uploads\/2022\/04\/lapensiondumarechal-IMG_7002-2048x1365.jpg 2048w, https:\/\/lapensiondumarechal.fr\/wp-content\/uploads\/2022\/04\/lapensiondumarechal-IMG_7002-320x213.jpg 320w\" data-sizes=\"(max-width: 640px) 100vw, 640px\" \/>\n\t\t<div class=\"figc no-description\">\n\t\t\t<div class=\"figc-inner\">\n\t\t\t\t\t\t\t\t\t\t\t\t\t\t\t<\/div>\n\t\t<\/div>\n\n\t<\/div>\n\n<\/div><div class=\"modula-item effect-pufrobo\" >\n\t<div class=\"modula-item-overlay\"><\/div>\n\n\t<div class=\"modula-item-content\">\n\n\t\t\t\t\n\t\t\t\t\t<a data-image-id=\"1620\" rel=\"jtg-1605\" data-caption=\"\" aria-label=\"Open image in lightbox\" class=\"tile-inner modula-item-link\"><\/a>\n\t\t\n\t\t<img class=\"pic wp-image-1620 lazyload\"  data-valign=\"middle\" data-halign=\"center\" alt=\"\" data-full=\"https:\/\/lapensiondumarechal.fr\/wp-content\/uploads\/2022\/04\/lapensiondumarechal-IMG_6998-scaled.jpg\" title=\"lapensiondumarechal-IMG_6998\" width=\"640\" height=\"427\" data-src=\"https:\/\/lapensiondumarechal.fr\/wp-content\/uploads\/2022\/04\/lapensiondumarechal-IMG_6998-640x427.jpg\" data-caption=\"\" data-source=\"modula\" data-srcset=\"https:\/\/lapensiondumarechal.fr\/wp-content\/uploads\/2022\/04\/lapensiondumarechal-IMG_6998-scaled-640x427.jpg 640w, https:\/\/lapensiondumarechal.fr\/wp-content\/uploads\/2022\/04\/lapensiondumarechal-IMG_6998-1280x853.jpg 1280w, https:\/\/lapensiondumarechal.fr\/wp-content\/uploads\/2022\/04\/lapensiondumarechal-IMG_6998-768x512.jpg 768w, https:\/\/lapensiondumarechal.fr\/wp-content\/uploads\/2022\/04\/lapensiondumarechal-IMG_6998-1536x1024.jpg 1536w, https:\/\/lapensiondumarechal.fr\/wp-content\/uploads\/2022\/04\/lapensiondumarechal-IMG_6998-2048x1365.jpg 2048w, https:\/\/lapensiondumarechal.fr\/wp-content\/uploads\/2022\/04\/lapensiondumarechal-IMG_6998-320x213.jpg 320w\" data-sizes=\"(max-width: 640px) 100vw, 640px\" \/>\n\t\t<div class=\"figc no-description\">\n\t\t\t<div class=\"figc-inner\">\n\t\t\t\t\t\t\t\t\t\t\t\t\t\t\t<\/div>\n\t\t<\/div>\n\n\t<\/div>\n\n<\/div><div class=\"modula-item effect-pufrobo\" >\n\t<div class=\"modula-item-overlay\"><\/div>\n\n\t<div class=\"modula-item-content\">\n\n\t\t\t\t\n\t\t\t\t\t<a data-image-id=\"1606\" rel=\"jtg-1605\" data-caption=\"\" aria-label=\"Open image in lightbox\" class=\"tile-inner modula-item-link\"><\/a>\n\t\t\n\t\t<img class=\"pic wp-image-1606 lazyload\"  data-valign=\"middle\" data-halign=\"center\" alt=\"\" data-full=\"https:\/\/lapensiondumarechal.fr\/wp-content\/uploads\/2022\/04\/lapensiondumarechal06022022-IMG_7444-scaled.jpg\" title=\"lapensiondumarechal06022022-IMG_7444\" width=\"640\" height=\"427\" data-src=\"https:\/\/lapensiondumarechal.fr\/wp-content\/uploads\/2022\/04\/lapensiondumarechal06022022-IMG_7444-640x427.jpg\" data-caption=\"\" data-source=\"modula\" data-srcset=\"https:\/\/lapensiondumarechal.fr\/wp-content\/uploads\/2022\/04\/lapensiondumarechal06022022-IMG_7444-scaled-640x427.jpg 640w, https:\/\/lapensiondumarechal.fr\/wp-content\/uploads\/2022\/04\/lapensiondumarechal06022022-IMG_7444-1280x853.jpg 1280w, https:\/\/lapensiondumarechal.fr\/wp-content\/uploads\/2022\/04\/lapensiondumarechal06022022-IMG_7444-768x512.jpg 768w, https:\/\/lapensiondumarechal.fr\/wp-content\/uploads\/2022\/04\/lapensiondumarechal06022022-IMG_7444-1536x1024.jpg 1536w, https:\/\/lapensiondumarechal.fr\/wp-content\/uploads\/2022\/04\/lapensiondumarechal06022022-IMG_7444-2048x1365.jpg 2048w, https:\/\/lapensiondumarechal.fr\/wp-content\/uploads\/2022\/04\/lapensiondumarechal06022022-IMG_7444-320x213.jpg 320w\" data-sizes=\"(max-width: 640px) 100vw, 640px\" \/>\n\t\t<div class=\"figc no-description\">\n\t\t\t<div class=\"figc-inner\">\n\t\t\t\t\t\t\t\t\t\t\t\t\t\t\t<\/div>\n\t\t<\/div>\n\n\t<\/div>\n\n<\/div><div class=\"modula-item effect-pufrobo\" >\n\t<div class=\"modula-item-overlay\"><\/div>\n\n\t<div class=\"modula-item-content\">\n\n\t\t\t\t\n\t\t\t\t\t<a data-image-id=\"1611\" rel=\"jtg-1605\" data-caption=\"\" aria-label=\"Open image in lightbox\" class=\"tile-inner modula-item-link\"><\/a>\n\t\t\n\t\t<img class=\"pic wp-image-1611 lazyload\"  data-valign=\"middle\" data-halign=\"center\" alt=\"\" data-full=\"https:\/\/lapensiondumarechal.fr\/wp-content\/uploads\/2022\/04\/lapensiondumarechal06022022-IMG_7467-scaled.jpg\" title=\"lapensiondumarechal06022022-IMG_7467\" width=\"640\" height=\"427\" data-src=\"https:\/\/lapensiondumarechal.fr\/wp-content\/uploads\/2022\/04\/lapensiondumarechal06022022-IMG_7467-640x427.jpg\" data-caption=\"\" data-source=\"modula\" data-srcset=\"https:\/\/lapensiondumarechal.fr\/wp-content\/uploads\/2022\/04\/lapensiondumarechal06022022-IMG_7467-scaled-640x427.jpg 640w, https:\/\/lapensiondumarechal.fr\/wp-content\/uploads\/2022\/04\/lapensiondumarechal06022022-IMG_7467-1280x853.jpg 1280w, https:\/\/lapensiondumarechal.fr\/wp-content\/uploads\/2022\/04\/lapensiondumarechal06022022-IMG_7467-768x512.jpg 768w, https:\/\/lapensiondumarechal.fr\/wp-content\/uploads\/2022\/04\/lapensiondumarechal06022022-IMG_7467-1536x1024.jpg 1536w, https:\/\/lapensiondumarechal.fr\/wp-content\/uploads\/2022\/04\/lapensiondumarechal06022022-IMG_7467-2048x1365.jpg 2048w, https:\/\/lapensiondumarechal.fr\/wp-content\/uploads\/2022\/04\/lapensiondumarechal06022022-IMG_7467-320x213.jpg 320w\" data-sizes=\"(max-width: 640px) 100vw, 640px\" \/>\n\t\t<div class=\"figc no-description\">\n\t\t\t<div class=\"figc-inner\">\n\t\t\t\t\t\t\t\t\t\t\t\t\t\t\t<\/div>\n\t\t<\/div>\n\n\t<\/div>\n\n<\/div><div class=\"modula-item effect-pufrobo\" >\n\t<div class=\"modula-item-overlay\"><\/div>\n\n\t<div class=\"modula-item-content\">\n\n\t\t\t\t\n\t\t\t\t\t<a data-image-id=\"1612\" rel=\"jtg-1605\" data-caption=\"\" aria-label=\"Open image in lightbox\" class=\"tile-inner modula-item-link\"><\/a>\n\t\t\n\t\t<img class=\"pic wp-image-1612 lazyload\"  data-valign=\"middle\" data-halign=\"center\" alt=\"\" data-full=\"https:\/\/lapensiondumarechal.fr\/wp-content\/uploads\/2022\/04\/lapensiondumarechal07022022-IMG_7502-scaled.jpg\" title=\"lapensiondumarechal07022022-IMG_7502\" width=\"640\" height=\"427\" data-src=\"https:\/\/lapensiondumarechal.fr\/wp-content\/uploads\/2022\/04\/lapensiondumarechal07022022-IMG_7502-640x427.jpg\" data-caption=\"\" data-source=\"modula\" data-srcset=\"https:\/\/lapensiondumarechal.fr\/wp-content\/uploads\/2022\/04\/lapensiondumarechal07022022-IMG_7502-scaled-640x427.jpg 640w, https:\/\/lapensiondumarechal.fr\/wp-content\/uploads\/2022\/04\/lapensiondumarechal07022022-IMG_7502-1280x853.jpg 1280w, https:\/\/lapensiondumarechal.fr\/wp-content\/uploads\/2022\/04\/lapensiondumarechal07022022-IMG_7502-768x512.jpg 768w, https:\/\/lapensiondumarechal.fr\/wp-content\/uploads\/2022\/04\/lapensiondumarechal07022022-IMG_7502-1536x1024.jpg 1536w, https:\/\/lapensiondumarechal.fr\/wp-content\/uploads\/2022\/04\/lapensiondumarechal07022022-IMG_7502-2048x1366.jpg 2048w, https:\/\/lapensiondumarechal.fr\/wp-content\/uploads\/2022\/04\/lapensiondumarechal07022022-IMG_7502-320x213.jpg 320w\" data-sizes=\"(max-width: 640px) 100vw, 640px\" \/>\n\t\t<div class=\"figc no-description\">\n\t\t\t<div class=\"figc-inner\">\n\t\t\t\t\t\t\t\t\t\t\t\t\t\t\t<\/div>\n\t\t<\/div>\n\n\t<\/div>\n\n<\/div><div class=\"modula-item effect-pufrobo\" >\n\t<div class=\"modula-item-overlay\"><\/div>\n\n\t<div class=\"modula-item-content\">\n\n\t\t\t\t\n\t\t\t\t\t<a data-image-id=\"1618\" rel=\"jtg-1605\" data-caption=\"\" aria-label=\"Open image in lightbox\" class=\"tile-inner modula-item-link\"><\/a>\n\t\t\n\t\t<img class=\"pic wp-image-1618 lazyload\"  data-valign=\"middle\" data-halign=\"center\" alt=\"\" data-full=\"https:\/\/lapensiondumarechal.fr\/wp-content\/uploads\/2022\/04\/Lapensiondumarechal-human21022022-IMG_7703-scaled.jpg\" title=\"Lapensiondumarechal-human21022022-IMG_7703\" width=\"640\" height=\"427\" data-src=\"https:\/\/lapensiondumarechal.fr\/wp-content\/uploads\/2022\/04\/Lapensiondumarechal-human21022022-IMG_7703-640x427.jpg\" data-caption=\"\" data-source=\"modula\" data-srcset=\"https:\/\/lapensiondumarechal.fr\/wp-content\/uploads\/2022\/04\/Lapensiondumarechal-human21022022-IMG_7703-scaled-640x427.jpg 640w, https:\/\/lapensiondumarechal.fr\/wp-content\/uploads\/2022\/04\/Lapensiondumarechal-human21022022-IMG_7703-1280x853.jpg 1280w, https:\/\/lapensiondumarechal.fr\/wp-content\/uploads\/2022\/04\/Lapensiondumarechal-human21022022-IMG_7703-768x512.jpg 768w, https:\/\/lapensiondumarechal.fr\/wp-content\/uploads\/2022\/04\/Lapensiondumarechal-human21022022-IMG_7703-1536x1024.jpg 1536w, https:\/\/lapensiondumarechal.fr\/wp-content\/uploads\/2022\/04\/Lapensiondumarechal-human21022022-IMG_7703-2048x1365.jpg 2048w, https:\/\/lapensiondumarechal.fr\/wp-content\/uploads\/2022\/04\/Lapensiondumarechal-human21022022-IMG_7703-320x213.jpg 320w\" data-sizes=\"(max-width: 640px) 100vw, 640px\" \/>\n\t\t<div class=\"figc no-description\">\n\t\t\t<div class=\"figc-inner\">\n\t\t\t\t\t\t\t\t\t\t\t\t\t\t\t<\/div>\n\t\t<\/div>\n\n\t<\/div>\n\n<\/div><div class=\"modula-item effect-pufrobo\" >\n\t<div class=\"modula-item-overlay\"><\/div>\n\n\t<div class=\"modula-item-content\">\n\n\t\t\t\t\n\t\t\t\t\t<a data-image-id=\"1607\" rel=\"jtg-1605\" data-caption=\"\" aria-label=\"Open image in lightbox\" class=\"tile-inner modula-item-link\"><\/a>\n\t\t\n\t\t<img class=\"pic wp-image-1607 lazyload\"  data-valign=\"middle\" data-halign=\"center\" alt=\"\" data-full=\"https:\/\/lapensiondumarechal.fr\/wp-content\/uploads\/2022\/04\/lapensiondumarechal06022022-IMG_7453-scaled.jpg\" title=\"lapensiondumarechal06022022-IMG_7453\" width=\"640\" height=\"427\" data-src=\"https:\/\/lapensiondumarechal.fr\/wp-content\/uploads\/2022\/04\/lapensiondumarechal06022022-IMG_7453-640x427.jpg\" data-caption=\"\" data-source=\"modula\" data-srcset=\"https:\/\/lapensiondumarechal.fr\/wp-content\/uploads\/2022\/04\/lapensiondumarechal06022022-IMG_7453-scaled-640x427.jpg 640w, https:\/\/lapensiondumarechal.fr\/wp-content\/uploads\/2022\/04\/lapensiondumarechal06022022-IMG_7453-1280x853.jpg 1280w, https:\/\/lapensiondumarechal.fr\/wp-content\/uploads\/2022\/04\/lapensiondumarechal06022022-IMG_7453-768x512.jpg 768w, https:\/\/lapensiondumarechal.fr\/wp-content\/uploads\/2022\/04\/lapensiondumarechal06022022-IMG_7453-1536x1024.jpg 1536w, https:\/\/lapensiondumarechal.fr\/wp-content\/uploads\/2022\/04\/lapensiondumarechal06022022-IMG_7453-2048x1365.jpg 2048w, https:\/\/lapensiondumarechal.fr\/wp-content\/uploads\/2022\/04\/lapensiondumarechal06022022-IMG_7453-320x213.jpg 320w\" data-sizes=\"(max-width: 640px) 100vw, 640px\" \/>\n\t\t<div class=\"figc no-description\">\n\t\t\t<div class=\"figc-inner\">\n\t\t\t\t\t\t\t\t\t\t\t\t\t\t\t<\/div>\n\t\t<\/div>\n\n\t<\/div>\n\n<\/div><div class=\"modula-item effect-pufrobo\" >\n\t<div class=\"modula-item-overlay\"><\/div>\n\n\t<div class=\"modula-item-content\">\n\n\t\t\t\t\n\t\t\t\t\t<a data-image-id=\"1608\" rel=\"jtg-1605\" data-caption=\"\" aria-label=\"Open image in lightbox\" class=\"tile-inner modula-item-link\"><\/a>\n\t\t\n\t\t<img class=\"pic wp-image-1608 lazyload\"  data-valign=\"middle\" data-halign=\"center\" alt=\"\" data-full=\"https:\/\/lapensiondumarechal.fr\/wp-content\/uploads\/2022\/04\/lapensiondumarechal06022022-IMG_7457-scaled.jpg\" title=\"lapensiondumarechal06022022-IMG_7457\" width=\"640\" height=\"960\" data-src=\"https:\/\/lapensiondumarechal.fr\/wp-content\/uploads\/2022\/04\/lapensiondumarechal06022022-IMG_7457-640x960.jpg\" data-caption=\"\" data-source=\"modula\" data-srcset=\"https:\/\/lapensiondumarechal.fr\/wp-content\/uploads\/2022\/04\/lapensiondumarechal06022022-IMG_7457-scaled-640x960.jpg 640w, https:\/\/lapensiondumarechal.fr\/wp-content\/uploads\/2022\/04\/lapensiondumarechal06022022-IMG_7457-1280x1920.jpg 1280w, https:\/\/lapensiondumarechal.fr\/wp-content\/uploads\/2022\/04\/lapensiondumarechal06022022-IMG_7457-768x1152.jpg 768w, https:\/\/lapensiondumarechal.fr\/wp-content\/uploads\/2022\/04\/lapensiondumarechal06022022-IMG_7457-1024x1536.jpg 1024w, https:\/\/lapensiondumarechal.fr\/wp-content\/uploads\/2022\/04\/lapensiondumarechal06022022-IMG_7457-1365x2048.jpg 1365w, https:\/\/lapensiondumarechal.fr\/wp-content\/uploads\/2022\/04\/lapensiondumarechal06022022-IMG_7457-320x480.jpg 320w, https:\/\/lapensiondumarechal.fr\/wp-content\/uploads\/2022\/04\/lapensiondumarechal06022022-IMG_7457-scaled.jpg 1707w\" data-sizes=\"(max-width: 640px) 100vw, 640px\" \/>\n\t\t<div class=\"figc no-description\">\n\t\t\t<div class=\"figc-inner\">\n\t\t\t\t\t\t\t\t\t\t\t\t\t\t\t<\/div>\n\t\t<\/div>\n\n\t<\/div>\n\n<\/div><div class=\"modula-item effect-pufrobo\" >\n\t<div class=\"modula-item-overlay\"><\/div>\n\n\t<div class=\"modula-item-content\">\n\n\t\t\t\t\n\t\t\t\t\t<a data-image-id=\"1615\" rel=\"jtg-1605\" data-caption=\"\" aria-label=\"Open image in lightbox\" class=\"tile-inner modula-item-link\"><\/a>\n\t\t\n\t\t<img class=\"pic wp-image-1615 lazyload\"  data-valign=\"middle\" data-halign=\"center\" alt=\"\" data-full=\"https:\/\/lapensiondumarechal.fr\/wp-content\/uploads\/2022\/04\/lapensiondumarechal07022022-IMG_7511-scaled.jpg\" title=\"lapensiondumarechal07022022-IMG_7511\" width=\"640\" height=\"427\" data-src=\"https:\/\/lapensiondumarechal.fr\/wp-content\/uploads\/2022\/04\/lapensiondumarechal07022022-IMG_7511-640x427.jpg\" data-caption=\"\" data-source=\"modula\" data-srcset=\"https:\/\/lapensiondumarechal.fr\/wp-content\/uploads\/2022\/04\/lapensiondumarechal07022022-IMG_7511-scaled-640x427.jpg 640w, https:\/\/lapensiondumarechal.fr\/wp-content\/uploads\/2022\/04\/lapensiondumarechal07022022-IMG_7511-1280x853.jpg 1280w, https:\/\/lapensiondumarechal.fr\/wp-content\/uploads\/2022\/04\/lapensiondumarechal07022022-IMG_7511-768x512.jpg 768w, https:\/\/lapensiondumarechal.fr\/wp-content\/uploads\/2022\/04\/lapensiondumarechal07022022-IMG_7511-1536x1024.jpg 1536w, https:\/\/lapensiondumarechal.fr\/wp-content\/uploads\/2022\/04\/lapensiondumarechal07022022-IMG_7511-2048x1365.jpg 2048w, https:\/\/lapensiondumarechal.fr\/wp-content\/uploads\/2022\/04\/lapensiondumarechal07022022-IMG_7511-320x213.jpg 320w\" data-sizes=\"(max-width: 640px) 100vw, 640px\" \/>\n\t\t<div class=\"figc no-description\">\n\t\t\t<div class=\"figc-inner\">\n\t\t\t\t\t\t\t\t\t\t\t\t\t\t\t<\/div>\n\t\t<\/div>\n\n\t<\/div>\n\n<\/div>\t\t\n\t<\/div>\n\n\t\n\t\n\t<script type=\"application\/ld+json\">\n\t{\n\t\t\"@context\": \"http:\/\/schema.org\",\n\t\t\"@type\"   : \"ImageGallery\",\n\t\t\"id\"      : \"https:\/\/lapensiondumarechal.fr\/wp-json\/wp\/v2\/pages\/1604\",\n\t\t\"url\"     : \"https:\/\/lapensiondumarechal.fr\/wp-json\/wp\/v2\/pages\/1604\"\n\t}\n\n    <\/script>\n\n\t\n<\/div><\/div><\/div><\/div><\/div><\/div><\/div><\/div><!-- cell_inner --><\/div><!-- cell --><\/div><!-- port --><\/section><section id=\"bt_bb_section69f0fb2b9d039\" class=\"bt_bb_section bt_bb_layout_boxed_1000 bt_bb_vertical_align_top bt_bb_top_spacing_normal bt_bb_bottom_spacing_normal\"  data-bt-override-class=\"{&quot;bt_bb_top_spacing_&quot;:{&quot;current_class&quot;:&quot;bt_bb_top_spacing_normal&quot;,&quot;xxl&quot;:&quot;normal&quot;,&quot;xl&quot;:&quot;normal&quot;},&quot;bt_bb_bottom_spacing_&quot;:{&quot;current_class&quot;:&quot;bt_bb_bottom_spacing_normal&quot;,&quot;xxl&quot;:&quot;normal&quot;,&quot;xl&quot;:&quot;normal&quot;}}\"><div class=\"bt_bb_port\"><div class=\"bt_bb_cell\"><div class=\"bt_bb_cell_inner\"><div class=\"bt_bb_row_wrapper\"><div  class=\"bt_bb_row\"  data-bt-override-class=\"{}\"><div  class=\"bt_bb_column col-xxl-12 col-xl-12 col-xs-12 col-sm-12 col-md-12 col-lg-12 bt_bb_vertical_align_top bt_bb_align_left bt_bb_padding_normal\"  data-width=\"12\" data-bt-override-class=\"{}\"><div class=\"bt_bb_column_content\"><div class=\"bt_bb_column_content_inner\"><div class=\"bt_bb_raw_content\"><style>\nhr{ \n  \n    border:         none;\n    border-left:    2px solid #B2B2B2;\n    height:         8vh;\n    width:          1px;       \n}<\/style>\n<hr><\/div><div class=\"bt_bb_image bt_bb_shape_square bt_bb_target_self bt_bb_align_center bt_bb_hover_style_simple bt_bb_content_display_always bt_bb_content_align_middle\" data-bt-override-class=\"{&quot;bt_bb_align_&quot;:{&quot;current_class&quot;:&quot;bt_bb_align_center&quot;,&quot;xxl&quot;:&quot;center&quot;,&quot;xl&quot;:&quot;center&quot;}}\"><span><img width=\"300\" height=\"300\" src=\"https:\/\/lapensiondumarechal.fr\/wp-content\/uploads\/2022\/03\/cropped-Logo_Pension_Marechal-1-300x300.png\" class=\"attachment-medium size-medium\" alt=\"https:\/\/lapensiondumarechal.fr\/wp-content\/uploads\/2022\/03\/cropped-Logo_Pension_Marechal-1-300x300.png\" decoding=\"async\" loading=\"lazy\" data-full_image_src=\"https:\/\/lapensiondumarechal.fr\/wp-content\/uploads\/2022\/03\/cropped-Logo_Pension_Marechal-1.png\" title=\"cropped-Logo_Pension_Marechal-1.png\" srcset=\"https:\/\/lapensiondumarechal.fr\/wp-content\/uploads\/2022\/03\/cropped-Logo_Pension_Marechal-1-300x300.png 300w, https:\/\/lapensiondumarechal.fr\/wp-content\/uploads\/2022\/03\/cropped-Logo_Pension_Marechal-1-150x150.png 150w, https:\/\/lapensiondumarechal.fr\/wp-content\/uploads\/2022\/03\/cropped-Logo_Pension_Marechal-1-270x270.png 270w, https:\/\/lapensiondumarechal.fr\/wp-content\/uploads\/2022\/03\/cropped-Logo_Pension_Marechal-1-192x192.png 192w, https:\/\/lapensiondumarechal.fr\/wp-content\/uploads\/2022\/03\/cropped-Logo_Pension_Marechal-1-180x180.png 180w, https:\/\/lapensiondumarechal.fr\/wp-content\/uploads\/2022\/03\/cropped-Logo_Pension_Marechal-1-32x32.png 32w, https:\/\/lapensiondumarechal.fr\/wp-content\/uploads\/2022\/03\/cropped-Logo_Pension_Marechal-1.png 512w\" sizes=\"(max-width: 300px) 100vw, 300px\" \/><\/span><\/div><div class=\"bt_bb_raw_content\"><style>\nhr{ \n  \n    border:         none;\n    border-left:    2px solid #B2B2B2;\n    height:         8vh;\n    width:          1px;       \n}<\/style>\n<hr><\/div><div  class=\"bt_bb_text\" style=\"font-size:22px;\"><p style=\"text-align: center;\"><em><strong><span style=\"color: #b2b2b2;\">Contact<\/span><\/strong><\/em><\/p>\n<p style=\"text-align: center;\"><span style=\"color: #707070;\"><strong>18, RUE DU MAR\u00c9CHAL LECLERC<\/strong><\/span><br \/>\n<span style=\"color: #707070;\"><strong>28000 CHARTRES<\/strong><\/span><\/p>\n<\/div><\/div><\/div><\/div><\/div><\/div><\/div><!-- cell_inner --><\/div><!-- cell --><\/div><!-- port --><\/section>","protected":false},"excerpt":{"rendered":"","protected":false},"author":1,"featured_media":0,"parent":0,"menu_order":0,"comment_status":"closed","ping_status":"closed","template":"","meta":[],"_links":{"self":[{"href":"https:\/\/lapensiondumarechal.fr\/index.php\/wp-json\/wp\/v2\/pages\/1604"}],"collection":[{"href":"https:\/\/lapensiondumarechal.fr\/index.php\/wp-json\/wp\/v2\/pages"}],"about":[{"href":"https:\/\/lapensiondumarechal.fr\/index.php\/wp-json\/wp\/v2\/types\/page"}],"author":[{"embeddable":true,"href":"https:\/\/lapensiondumarechal.fr\/index.php\/wp-json\/wp\/v2\/users\/1"}],"replies":[{"embeddable":true,"href":"https:\/\/lapensiondumarechal.fr\/index.php\/wp-json\/wp\/v2\/comments?post=1604"}],"version-history":[{"count":10,"href":"https:\/\/lapensiondumarechal.fr\/index.php\/wp-json\/wp\/v2\/pages\/1604\/revisions"}],"predecessor-version":[{"id":1768,"href":"https:\/\/lapensiondumarechal.fr\/index.php\/wp-json\/wp\/v2\/pages\/1604\/revisions\/1768"}],"wp:attachment":[{"href":"https:\/\/lapensiondumarechal.fr\/index.php\/wp-json\/wp\/v2\/media?parent=1604"}],"curies":[{"name":"wp","href":"https:\/\/api.w.org\/{rel}","templated":true}]}}